{"id":23325,"date":"2023-10-05T10:44:14","date_gmt":"2023-10-05T10:44:14","guid":{"rendered":"http:\/\/dev.cesam.community\/?page_id=23325"},"modified":"2024-03-05T16:28:22","modified_gmt":"2024-03-05T15:28:22","slug":"le-club-dirigeants","status":"publish","type":"page","link":"https:\/\/cesam.community\/fr\/le-club-dirigeants\/","title":{"rendered":"Le Club Dirigeants"},"content":{"rendered":"<div class=\"wpb-content-wrapper\"><section class=\"vc_row wpb_row vc_row-fluid  vc_custom_1696241631073\"><div class=\"wpb_column vc_column_container vc_col-sm-12 vc_col-md-offset-1 vc_col-md-10 vc_col-sm-offset-0 col-xs-mobile-fullwidth text-center md-text-center sm-text-center xs-text-center\"><div class=\"vc_column-inner \"><div class=\"wpb_wrapper\"><div class=\"vc_row wpb_row vc_inner vc_row-fluid  vc_custom_1618490291658\"><div class=\"wpb_column vc_column_container vc_col-sm-12 vc_col-xs-12\"><div class=\"vc_column-inner vc_custom_1696240771777\"><div class=\"wpb_wrapper\"><div class=\" vc_custom_1709652495707 last-paragraph-no-margin\"><p style=\"text-align: justify;\">Suite \u00e0 de nombreuses demandes de dirigeants et au vif int\u00e9r\u00eat suscit\u00e9 par les r\u00e9sultats de l<span style=\"text-decoration: underline;\">\u2019<\/span><span style=\"text-decoration: underline;\">\u00e9tude sur la complexit\u00e9 au sein des entreprises<\/span>, CESAMES a lanc\u00e9 le <span style=\"color: #192841;\"><strong>Club Comp\u00e9titivit\u00e9 &amp; Complexit\u00e9<\/strong><\/span>. Ce cercle, exclusivement r\u00e9serv\u00e9 aux dirigeants, permet de p\u00e9renniser la dynamique initi\u00e9e par notre \u00e9tude et de r\u00e9pondre \u00e0 toutes\u00a0les questions.<br \/>\nCESAMES organise 1 \u00e0 2 par an le Club Dirigeants, en petit comit\u00e9 et dans un lieu haut de gamme, autour d&rsquo;un invit\u00e9 de marque (\u00e9conomiste, leader industriel, philosophe&#8230;). Le format de nos \u00e9v\u00e9nements permet les \u00e9changes et les d\u00e9bats entre les dirigeants. Chaque soir\u00e9e se termine par un cocktail. La participation se fait sur invitation personnelle.<\/p>\n<p style=\"text-align: justify;\">Pour toute question, contactez Christophe Tilmont (<span style=\"color: #192841;\"><strong><span style=\"text-decoration: underline;\"><a style=\"color: #192841; text-decoration: underline;\" href=\"mailto:christophe.tilmont@cesames.net\">christophe.tilmont@cesames.net<\/a><\/span><\/strong><\/span>)<\/p>\n<\/div><\/div><\/div><\/div><\/div><\/div><\/div><\/div><\/section><section data-vc-full-width=\"true\" data-vc-full-width-init=\"false\" class=\"vc_row wpb_row vc_row-fluid  vc_custom_1651669863530 pofo-stretch-content pofo-stretch-row-container\"><div class=\"wpb_column vc_column_container vc_col-sm-12 vc_col-md-offset-1 vc_col-md-10 col-xs-mobile-fullwidth\"><div class=\"vc_column-inner \"><div class=\"wpb_wrapper\">[vc_images_carousel images=\u00a0\u00bb35697,35696,35695,35692,35694,35693&Prime; img_size=\u00a0\u00bblarge\u00a0\u00bb onclick=\u00a0\u00bblink_no\u00a0\u00bb slides_per_view=\u00a0\u00bb3&Prime; autoplay=\u00a0\u00bbyes\u00a0\u00bb wrap=\u00a0\u00bbyes\u00a0\u00bb]<\/div><\/div><\/div><\/section><div class=\"vc_row-full-width vc_clearfix\"><\/div><section class=\"vc_row wpb_row vc_row-fluid  vc_custom_1696249644328\"><div class=\"wpb_column vc_column_container vc_col-sm-12 vc_col-md-offset-1 vc_col-md-10 col-xs-mobile-fullwidth text-center\"><div class=\"vc_column-inner vc_custom_1651659964741\"><div class=\"wpb_wrapper\"><div class=\"counter-style counter-style3 counter-style3-1\"><h5 data-postfix=\"\" data-to=\"11\" data-speed=\"1000\" class=\"text-extra-dark-gray font-weight-500 no-margin timer\"  style=\"font-size: 28px; font-weight: 600; color: #01af50;\" data-fontsize=\"28px\">11<\/h5><span class=\"display-block margin-three-bottom\" style=\"font-size: 1.25em; color: #5c5c5c;\" data-fontsize=\"1.25em\">\u00c9ditions<\/span><\/div><a  href=\"https:\/\/www.cesames.net\/le-club-dirigeants\/#soiree-section\" target=\"_self\" class=\"btn pofo-button-1  wow none button-style7  btn-transparent-dark-gray btn-rounded  btn-medium \"  style=\"color:#232323;  border-color:#01af50; \">Voir les pr\u00e9c\u00e9dentes \u00e9ditions<i class=\"fas fa-chevron-right   margin-5px-left no-margin-right\" aria-hidden=\"true\" style=\"color:#232323;\" ><\/i><\/a><\/div><\/div><\/div><\/section><section id=\"etude\" data-vc-full-width=\"true\" data-vc-full-width-init=\"false\" data-parallax-background-ratio=\"0.5\" class=\"vc_row wpb_row vc_row-fluid  vc_custom_1699635379574 wow fadeIn vc_row-has-fill pofo-stretch-content pofo-stretch-row-container parallax\"><div class=\"bg-extra-dark-gray bg-overlay\" style=\"opacity:0.5; background-color:#1c1c1c; \"><\/div><div class=\"wpb_column vc_column_container vc_col-has-fill vc_col-sm-12 vc_col-md-offset-1 vc_col-md-10 col-xs-mobile-fullwidth pofo-column-responsive-69f239e78c619\"><div class=\"vc_column-inner vc_custom_1651651967309\"><div class=\"wpb_wrapper\"><div class=\"last-paragraph-no-margin\"><h5 class=\"font-weight-600 alt-font text-extra-dark-gray\" style=\"text-align: center;\"><span style=\"color: #192841;\">L\u2019\u00c9TUDE NATIONALE ECOLE POLYTECHNIQUE, HEC &amp; CESAMES<\/span><\/h5>\n<div class=\"testimonial-dark testimonial-3 testimonial-style-3\">\n<p class=\"alt-font text-extra-dark-gray font-weight-300\" style=\"text-align: justify;\">L\u2019Ecole Polytechnique, HEC et CESAMES ont r\u00e9alis\u00e9 une \u00e9tude sur la complexit\u00e9 dans les entreprises. Convaincus que la comp\u00e9titivit\u00e9 des organisations est \u00e9troitement li\u00e9e \u00e0 leur capacit\u00e9 \u00e0 mieux ma\u00eetriser la complexit\u00e9, ils ont interrog\u00e9 une cinquantaine de dirigeants de grandes entreprises fran\u00e7aises dans l\u2019industrie et les services. L\u2019analyse de ces entretiens constitue la mati\u00e8re d\u2019un livre blanc<span style=\"color: #192841;\"> <strong><em>\u00ab Ma\u00eetriser la complexit\u00e9 pour d\u00e9velopper sa comp\u00e9titivit\u00e9 \u00bb<\/em><\/strong><\/span>, dont la premi\u00e8re pr\u00e9sentation a eu lieu au Minist\u00e8re de l\u2019Economie et des Finances.<\/p>\n<p style=\"text-align: center;\"><span style=\"color: #192841;\"><strong>T\u00e9l\u00e9chargez notre livre blanc<\/strong><\/span><\/p>\n<\/div>\n<\/div>[vc_btn title=\u00a0\u00bbM\u00c2ITRISER LA COMPLEXIT\u00c9 POUR D\u00c9VELOPPER SA COMP\u00c9TITIVIT\u00c9\u00a0\u00bb style=\u00a0\u00bbcustom\u00a0\u00bb custom_background=\u00a0\u00bb#192841&Prime; custom_text=\u00a0\u00bb#ffffff\u00a0\u00bb size=\u00a0\u00bbsm\u00a0\u00bb align=\u00a0\u00bbcenter\u00a0\u00bb link=\u00a0\u00bburl:https%3A%2F%2Fcesam.community%2Fwp-content%2Fuploads%2F2021%2F06%2FLivre-blanc-Maitriser-la-complexite-pour-developper-sa-competitivite.pdf|title:M%C3%82ITRISER%20LA%20COMPLEXIT%C3%89%20POUR%20D%C3%89VELOPPER%20SA%20COMP%C3%89TITIVIT%C3%89&Prime; css=\u00a0\u00bb.vc_custom_1696239942457{padding-top: 10px !important;}\u00a0\u00bb]<\/div><\/div><\/div><\/section><div class=\"vc_row-full-width vc_clearfix\"><\/div><section data-vc-full-width=\"true\" data-vc-full-width-init=\"false\" class=\"vc_row wpb_row vc_row-fluid  vc_custom_1651665168333 vc_row-has-fill pofo-stretch-content pofo-stretch-row-container pofo-row-responsive-69f239e78c6ba\"><div class=\"wpb_column vc_column_container vc_col-sm-12 vc_col-md-offset-1 vc_col-md-10 col-xs-mobile-fullwidth\"><div class=\"vc_column-inner \"><div class=\"wpb_wrapper\">[vc_raw_html]JTNDYSUyMGNsYXNzJTNEJTIyYW5jaG9yJTIyJTIwaWQlM0QlMjJzb2lyZWUtc2VjdGlvbiUyMiUzRSUzQyUyRmElM0U=[\/vc_raw_html]<h2 class=\"text-extra-large margin-25px-bottom display-inline-block alt-font text-uppercase heading-style3  heading-1\"  style=\"font-size: 28px; line-height: 33px; color: #192841;\" data-fontsize=\"28px\" data-lineheight=\"33px\">Les soir\u00e9es du Club Dirigeants<\/h2><\/div><\/div><\/div><\/section><div class=\"vc_row-full-width vc_clearfix\"><\/div><section data-vc-full-width=\"true\" data-vc-full-width-init=\"false\" class=\"vc_row wpb_row vc_row-fluid  vc_custom_1651658843484 vc_row-has-fill pofo-stretch-content pofo-stretch-row-container\"><div class=\"wpb_column vc_column_container vc_col-sm-12 vc_col-md-offset-1 vc_col-md-10 col-xs-mobile-fullwidth\"><div class=\"vc_column-inner \"><div class=\"wpb_wrapper\">[vc_text_separator title=\u00a0\u00bbSoir\u00e9es pass\u00e9es\u00a0\u00bb el_width=\u00a0\u00bb70&Prime; css=\u00a0\u00bb.vc_custom_1651658861559{padding-top: 0px !important;padding-bottom: 0px !important;}\u00a0\u00bb el_class=\u00a0\u00bbseparator-text\u00a0\u00bb]<\/div><\/div><\/div><\/section><div class=\"vc_row-full-width vc_clearfix\"><\/div><section data-vc-full-width=\"true\" data-vc-full-width-init=\"false\" class=\"vc_row wpb_row vc_row-fluid  vc_custom_1696237245338 wow bounceInLeft vc_row-has-fill pofo-stretch-content pofo-stretch-row-container pofo-row-responsive-69f239e78c7c7\"><div class=\"wpb_column vc_column_container vc_col-sm-12 vc_col-md-offset-1 vc_col-md-10 col-xs-mobile-fullwidth\"><div class=\"vc_column-inner \"><div class=\"wpb_wrapper\"><div class=\"vc_row wpb_row vc_inner vc_row-fluid\"><div class=\"wpb_column vc_column_container vc_col-sm-3  col-xs-mobile-fullwidth pofo-column-responsive-69f239e78c925\"><div class=\"vc_column-inner \"><div class=\"wpb_wrapper\">[vc_single_image image=\u00a0\u00bb35699&Prime; alignment=\u00a0\u00bbcenter\u00a0\u00bb style=\u00a0\u00bbvc_box_rounded\u00a0\u00bb]<\/div><\/div><\/div><div class=\"wpb_column vc_column_container vc_col-sm-9  col-xs-mobile-fullwidth\"><div class=\"vc_column-inner \"><div class=\"wpb_wrapper\"><span class=\"text-extra-large margin-25px-bottom display-inline-block alt-font heading-style3  vc_custom_1696237165744  heading-2\"  style=\"font-size: 18px; line-height: 23px; font-weight: 600; color: #01af50;\" data-fontsize=\"18px\" data-lineheight=\"23px\">La d\u00e9sindustrialisation de la France (1995-2015)<\/span><div class=\"last-paragraph-no-margin pofo-text-block-responsive-69f239e78c9ef\" style=\"width: 80%;\"><p>par\u00a0<span style=\"color: #192841;\"><strong>Nicolas Dufourcq<\/strong><\/span><br \/>\nDirecteur G\u00e9n\u00e9ral\u00a0de la Banque publique d\u2019investissement (BPI France)<\/p>\n<p>Le 12 juillet 2022<br \/>\nau Ritz (Paris 1er)<\/p>\n<\/div><div class=\"panel-group accordion-style1\" id=\"accordion-1\" ><div class=\"panel text-left\">\n                                        <div class=\"panel-heading active-accordion\">\n                                            <a data-toggle=\"collapse\" data-parent=\"#accordion-1\" href=\"#accordion-one-link-1\">\n                                                <div class=\"panel-title font-weight-500 text-extra-dark-gray\" style=\"color: #333333;\">\n                                                    Abstract<span class=\"pull-right\"><i class=\"ti-minus\"><\/i><\/span>\n                                                <\/div>\n                                            <\/a>\n                                        <\/div>\n                                        <div id=\"accordion-one-link-1\" class=\"panel-collapse collapse in\">\n                                            <div class=\"panel-body \" style=\"color: #333333;\"><p>La d\u00e9sindustrialisation fran\u00e7aise est un moment majeur de l\u2019histoire et pourtant elle est couverte d\u2019un halo de myst\u00e8re. Entre 1995 et 2015, le pays s\u2019est vid\u00e9 de pr\u00e8s de la moiti\u00e9 de ses usines et du tiers de son emploi industriel. De nombreuses communes et vall\u00e9es industrielles ont \u00e9t\u00e9 ray\u00e9es de la carte. Bouleversement comparable dans ses cons\u00e9quences \u00e0 l\u2019exode rural des ann\u00e9es 1960 !<br \/>\nCe livre a \u00e9t\u00e9 \u00e9crit pour tenter de comprendre ce qui s\u2019est vraiment pass\u00e9. Il interroge 47 entrepreneurs, politiques, syndicalistes, fonctionnaires qui ont v\u00e9cu ces ann\u00e9es noires et qui se souviennent, dans le d\u00e9tail et de mani\u00e8re tr\u00e8s vivante, de l\u2019encha\u00eenement des faits. Ce qui se d\u00e9gage est un tableau de responsabilit\u00e9 g\u00e9n\u00e9rale. C\u2019est toute la soci\u00e9t\u00e9 fran\u00e7aise qui s\u2019est d\u00e9tourn\u00e9e de son industrie.<br \/>\nAujourd\u2019hui, fort heureusement, les choses ont chang\u00e9 et nous repartons avec des \u201cballes neuves\u201d. Il est possible de faire rena\u00eetre quantit\u00e9 de sites industriels car la technologie a progress\u00e9, car les pays \u00e9mergents ont perdu en comp\u00e9titivit\u00e9, car les Fran\u00e7ais eux-m\u00eames ont chang\u00e9 et demandent une industrie d\u00e9carbon\u00e9e et circulaire. Bpifrance, que je dirige, s\u2019y emploie avec force, et sans nostalgie. Pour peu que nous sachions rester d\u00e9termin\u00e9s et d\u00e9cisifs, il est tout \u00e0 fait possible d\u2019\u00e9crire une belle page industrielle d\u2019ici \u00e0 2030.<\/p>\n<\/div>\n                                        <\/div>\n                                    <\/div><\/div><\/div><\/div><\/div><\/div>[vc_separator el_width=\u00a0\u00bb80&Prime;]<\/div><\/div><\/div><\/section><div class=\"vc_row-full-width vc_clearfix\"><\/div><section data-vc-full-width=\"true\" data-vc-full-width-init=\"false\" class=\"vc_row wpb_row vc_row-fluid  vc_custom_1651658798196 wow bounceInLeft vc_row-has-fill pofo-stretch-content pofo-stretch-row-container pofo-row-responsive-69f239e78caa5\"><div class=\"wpb_column vc_column_container vc_col-sm-12 vc_col-md-offset-1 vc_col-md-10 col-xs-mobile-fullwidth\"><div class=\"vc_column-inner \"><div class=\"wpb_wrapper\"><div class=\"vc_row wpb_row vc_inner vc_row-fluid\"><div class=\"wpb_column vc_column_container vc_col-sm-3  col-xs-mobile-fullwidth pofo-column-responsive-69f239e78cb62\"><div class=\"vc_column-inner \"><div class=\"wpb_wrapper\">[vc_single_image image=\u00a0\u00bb35700&Prime; alignment=\u00a0\u00bbcenter\u00a0\u00bb style=\u00a0\u00bbvc_box_rounded\u00a0\u00bb]<\/div><\/div><\/div><div class=\"wpb_column vc_column_container vc_col-sm-9  col-xs-mobile-fullwidth\"><div class=\"vc_column-inner \"><div class=\"wpb_wrapper\"><span class=\"text-extra-large margin-25px-bottom display-inline-block alt-font heading-style3  vc_custom_1651658470470  heading-3\"  style=\"font-size: 18px; line-height: 23px; font-weight: 600; color: #01af50;\" data-fontsize=\"18px\" data-lineheight=\"23px\">Covid-19 : de la crise des mod\u00e8les aux mod\u00e8les de la crise...<\/span><div class=\"last-paragraph-no-margin pofo-text-block-responsive-69f239e78cbf3\" style=\"width: 80%;\"><p><span style=\"color: #333333;\">par <span style=\"color: #192841;\"><strong>Daniel Krob<\/strong><\/span><br \/>\nPr\u00e9sident CESAMES, INCOSE Fellow<\/span><\/p>\n<p>Le 6 juillet 2020<br \/>\n\u00e0 CESAMES (Paris 9\u00e8me)<\/p>\n<\/div><div class=\"panel-group accordion-style1\" id=\"accordion-2\" ><div class=\"panel text-left\">\n                                        <div class=\"panel-heading active-accordion\">\n                                            <a data-toggle=\"collapse\" data-parent=\"#accordion-2\" href=\"#accordion-one-link-2\">\n                                                <div class=\"panel-title font-weight-500 text-extra-dark-gray\" style=\"color: #333333;\">\n                                                    Abstract<span class=\"pull-right\"><i class=\"ti-minus\"><\/i><\/span>\n                                                <\/div>\n                                            <\/a>\n                                        <\/div>\n                                        <div id=\"accordion-one-link-2\" class=\"panel-collapse collapse in\">\n                                            <div class=\"panel-body \" style=\"color: #333333;\"><p>La crise sanitaire du Covid-19, qui a pris par surprise la plupart des pays, est sans doute l\u2019\u00e9v\u00e9nement initiateur d\u2019une crise syst\u00e9mique mondiale qui va se d\u00e9velopper dans les mois et les ann\u00e9es \u00e0 venir.<br \/>\nMais cette crise sanitaire a surtout r\u00e9v\u00e9l\u00e9 une crise bien plus profonde : la crise de la mod\u00e9lisation. Les mod\u00e8les statistiques de la m\u00e9decine sont en crise. Les mod\u00e8les \u00e9pid\u00e9miologiques sur lesquels se sont appuy\u00e9es de nombreuses politiques de sant\u00e9 publique se sont r\u00e9v\u00e9l\u00e9s erron\u00e9s.<br \/>\nDes crises similaires sont aussi en \u00e9mergence en \u00e9conomie ou en finance. Ne vont-elles pas \u00e9clater au grand jour sous l\u2019impact de la crise du covid-19 ?<br \/>\nPour s\u2019adapter \u00e0 la nouvelle r\u00e9alit\u00e9 \u2013 largement inconnue \u2013 qui va sortir de la crise du covid-19, il est donc urgent de repenser nos mod\u00e8les de compr\u00e9hension du monde et d\u2019aide \u00e0 la prise de d\u00e9cision. C\u2019est indispensable pour les grandes entreprises qui vont avoir \u00e0 g\u00e9rer, planifier, pr\u00e9voir et s\u2019adapter aux cons\u00e9quences durables de cette crise sanitaire et plus vraisemblablement encore aux crises \u00e9conomiques et financi\u00e8res qui risquent de se succ\u00e9der.<br \/>\nLors de cette soir\u00e9e, le Professeur Daniel Krob, qui a \u00e9t\u00e9 responsable de la Chaire \u00abIng\u00e9nierie des syst\u00e8mes complexes\u00bb de l\u2019\u00c9cole Polytechnique (2003-2014), reviendra sur la crise actuelle, donnera des cl\u00e9s de lecture mettant en lumi\u00e8re la crise des mod\u00e8les et introduira \u00ab le mod\u00e8le du monde \u00bb, un outil d\u2019aide \u00e0 prise de d\u00e9cision et une m\u00e9thodologie agile, permettant de mieux comprendre la dynamique d\u2019\u00e9volution de la soci\u00e9t\u00e9 et de prendre les bonnes d\u00e9cisions dans un monde post-covid-19.<\/p>\n<\/div>\n                                        <\/div>\n                                    <\/div><\/div><\/div><\/div><\/div><\/div>[vc_separator el_width=\u00a0\u00bb80&Prime;]<\/div><\/div><\/div><\/section><div class=\"vc_row-full-width vc_clearfix\"><\/div><section data-vc-full-width=\"true\" data-vc-full-width-init=\"false\" class=\"vc_row wpb_row vc_row-fluid  vc_custom_1651656803568 wow bounceInLeft vc_row-has-fill pofo-stretch-content pofo-stretch-row-container pofo-row-responsive-69f239e78ccac\"><div class=\"wpb_column vc_column_container vc_col-sm-12 vc_col-md-offset-1 vc_col-md-10 col-xs-mobile-fullwidth\"><div class=\"vc_column-inner \"><div class=\"wpb_wrapper\"><div class=\"vc_row wpb_row vc_inner vc_row-fluid\"><div class=\"wpb_column vc_column_container vc_col-sm-3  col-xs-mobile-fullwidth pofo-column-responsive-69f239e78cd5b\"><div class=\"vc_column-inner \"><div class=\"wpb_wrapper\">[vc_single_image image=\u00a0\u00bb35701&Prime; alignment=\u00a0\u00bbcenter\u00a0\u00bb style=\u00a0\u00bbvc_box_rounded\u00a0\u00bb]<\/div><\/div><\/div><div class=\"wpb_column vc_column_container vc_col-sm-9  col-xs-mobile-fullwidth\"><div class=\"vc_column-inner \"><div class=\"wpb_wrapper\"><span class=\"text-extra-large margin-25px-bottom display-inline-block alt-font heading-style3  vc_custom_1651658293280  heading-4\"  style=\"font-size: 18px; line-height: 23px; font-weight: 600; color: #01af50;\" data-fontsize=\"18px\" data-lineheight=\"23px\">Quel agenda g\u00e9opolitique pour 2020 ?<\/span><div class=\"last-paragraph-no-margin pofo-text-block-responsive-69f239e78cdee\" style=\"width: 80%;\"><p><span style=\"color: #333333;\">par <strong><span style=\"color: #192841;\">Pascal Boniface<\/span><br \/>\n<\/strong>G\u00e9opolitologue et directeur de l\u2019IRIS &#8211; Institut de relations internationales et strat\u00e9giques<\/span><\/p>\n<p>Le 3 f\u00e9vrier 2020<br \/>\n\u00e0 Ritz paris (Paris 1er)<\/p>\n<\/div><div class=\"panel-group accordion-style1\" id=\"accordion-3\" ><div class=\"panel text-left\">\n                                        <div class=\"panel-heading active-accordion\">\n                                            <a data-toggle=\"collapse\" data-parent=\"#accordion-3\" href=\"#accordion-one-link-3\">\n                                                <div class=\"panel-title font-weight-500 text-extra-dark-gray\" style=\"color: #333333;\">\n                                                    Abstract<span class=\"pull-right\"><i class=\"ti-minus\"><\/i><\/span>\n                                                <\/div>\n                                            <\/a>\n                                        <\/div>\n                                        <div id=\"accordion-one-link-3\" class=\"panel-collapse collapse in\">\n                                            <div class=\"panel-body \" style=\"color: #333333;\"><p>Pascal Boniface a dirig\u00e9 la publication d\u2019une soixantaine d\u2019ouvrages avec pour th\u00e8me les relations internationales.<br \/>\nCe d\u00e9but d\u2019ann\u00e9e est donc la parfaite occasion de dresser avec lui l\u2019agenda G\u00e9opolitique 2020, afin de mieux cerner les enjeux auxquels nous sommes confront\u00e9s.<br \/>\nMondialisation, guerres et conflits (USA-Iran, USA-Chine), terrorisme, choc des civilisations : face \u00e0 une actualit\u00e9 chaque jour plus complexe, Pascal Boniface propose un examen scrupuleux des rivalit\u00e9s g\u00e9opolitiques et d\u00e9crypte un monde fait de contrastes en interrogeant les id\u00e9es re\u00e7ues les plus r\u00e9pandues.<br \/>\nPar un regard critique et expert, il adressera lors de cette soir\u00e9e toutes les grandes questions qui agitent l\u2019\u00e9conomie mondiale en ce d\u00e9but d\u2019ann\u00e9e !<\/p>\n<\/div>\n                                        <\/div>\n                                    <\/div><\/div><\/div><\/div><\/div><\/div>[vc_separator el_width=\u00a0\u00bb80&Prime;]<\/div><\/div><\/div><\/section><div class=\"vc_row-full-width vc_clearfix\"><\/div><section data-vc-full-width=\"true\" data-vc-full-width-init=\"false\" class=\"vc_row wpb_row vc_row-fluid  vc_custom_1651656803568 wow bounceInLeft vc_row-has-fill pofo-stretch-content pofo-stretch-row-container pofo-row-responsive-69f239e78ce8d\"><div class=\"wpb_column vc_column_container vc_col-sm-12 vc_col-md-offset-1 vc_col-md-10 col-xs-mobile-fullwidth\"><div class=\"vc_column-inner \"><div class=\"wpb_wrapper\"><div class=\"vc_row wpb_row vc_inner vc_row-fluid\"><div class=\"wpb_column vc_column_container vc_col-sm-3  col-xs-mobile-fullwidth pofo-column-responsive-69f239e78cf3b\"><div class=\"vc_column-inner \"><div class=\"wpb_wrapper\">[vc_single_image image=\u00a0\u00bb35702&Prime; alignment=\u00a0\u00bbcenter\u00a0\u00bb style=\u00a0\u00bbvc_box_rounded\u00a0\u00bb]<\/div><\/div><\/div><div class=\"wpb_column vc_column_container vc_col-sm-9  col-xs-mobile-fullwidth\"><div class=\"vc_column-inner \"><div class=\"wpb_wrapper\"><span class=\"text-extra-large margin-25px-bottom display-inline-block alt-font heading-style3  vc_custom_1651658153335  heading-5\"  style=\"font-size: 18px; line-height: 23px; font-weight: 600; color: #01af50;\" data-fontsize=\"18px\" data-lineheight=\"23px\">L\u2019intelligence \u00ab supercollective \u00bb au service de la performance de l\u2019entreprise<\/span><div class=\"last-paragraph-no-margin pofo-text-block-responsive-69f239e78cfc8\" style=\"width: 80%;\"><p><span style=\"color: #333333;\">par <strong><span style=\"color: #192841;\">\u00c9mile Servan-Schreiber<\/span><br \/>\n<\/strong>Docteur en psychologie cognitive, ing\u00e9nieur en intelligence artificielle et sp\u00e9cialiste des march\u00e9s pr\u00e9dictifs<\/span><\/p>\n<p>Le 3 juin 2019<br \/>\n\u00e0 Ritz paris (Paris 1er)<\/p>\n<\/div><div class=\"panel-group accordion-style1\" id=\"accordion-4\" ><div class=\"panel text-left\">\n                                        <div class=\"panel-heading active-accordion\">\n                                            <a data-toggle=\"collapse\" data-parent=\"#accordion-4\" href=\"#accordion-one-link-4\">\n                                                <div class=\"panel-title font-weight-500 text-extra-dark-gray\" style=\"color: #333333;\">\n                                                    Abstract<span class=\"pull-right\"><i class=\"ti-minus\"><\/i><\/span>\n                                                <\/div>\n                                            <\/a>\n                                        <\/div>\n                                        <div id=\"accordion-one-link-4\" class=\"panel-collapse collapse in\">\n                                            <div class=\"panel-body \" style=\"color: #333333;\"><p>\"Est-on s\u00fbr que la seule voie pour adresser la complexit\u00e9 de nos organisations et am\u00e9liorer la comp\u00e9titivit\u00e9 de nos entreprises soit celle de l\u2019intelligence artificielle dont on nous vante les extraordinaires perspectives \u00e0 longueur de journ\u00e9e ?<br \/>\nQuid de l\u2019\u00e9tat des lieux des derni\u00e8res recherches scientifiques en mati\u00e8re d\u2019intelligence\u2026 collective ?<br \/>\nEt qu\u2019est-ce que le QI d\u2019un groupe ? Pourquoi la diversit\u00e9 nous rend-t-elle plus intelligents ?<br \/>\nComment convoquer l\u2019intelligence collective, voire supercollective, d\u2019une entreprise pour am\u00e9liorer la pr\u00e9diction des ventes, estimer les retards de production ou plus encore, favoriser l\u2019innovation ?<br \/>\nAutant de questions auxquelles notre invit\u00e9 d\u2019honneur a apport\u00e9 des r\u00e9ponses surprenantes et enthousiasmantes.\"<\/p>\n<\/div>\n                                        <\/div>\n                                    <\/div><\/div><\/div><\/div><\/div><\/div>[vc_separator el_width=\u00a0\u00bb80&Prime;]<\/div><\/div><\/div><\/section><div class=\"vc_row-full-width vc_clearfix\"><\/div><section data-vc-full-width=\"true\" data-vc-full-width-init=\"false\" class=\"vc_row wpb_row vc_row-fluid  vc_custom_1651656803568 wow bounceInLeft vc_row-has-fill pofo-stretch-content pofo-stretch-row-container pofo-row-responsive-69f239e78d066\"><div class=\"wpb_column vc_column_container vc_col-sm-12 vc_col-md-offset-1 vc_col-md-10 col-xs-mobile-fullwidth\"><div class=\"vc_column-inner \"><div class=\"wpb_wrapper\"><div class=\"vc_row wpb_row vc_inner vc_row-fluid\"><div class=\"wpb_column vc_column_container vc_col-sm-3  col-xs-mobile-fullwidth pofo-column-responsive-69f239e78d112\"><div class=\"vc_column-inner \"><div class=\"wpb_wrapper\">[vc_single_image image=\u00a0\u00bb35703&Prime; alignment=\u00a0\u00bbcenter\u00a0\u00bb style=\u00a0\u00bbvc_box_rounded\u00a0\u00bb]<\/div><\/div><\/div><div class=\"wpb_column vc_column_container vc_col-sm-9  col-xs-mobile-fullwidth\"><div class=\"vc_column-inner \"><div class=\"wpb_wrapper\"><span class=\"text-extra-large margin-25px-bottom display-inline-block alt-font heading-style3  vc_custom_1651657867327  heading-6\"  style=\"font-size: 18px; line-height: 23px; font-weight: 600; color: #01af50;\" data-fontsize=\"18px\" data-lineheight=\"23px\">Sciences du vivant, sciences des syst\u00e8mes complexes : trajectoires parall\u00e8les ou convergences fertiles ? Le cas de l\u2019h\u00e9matologie<\/span><div class=\"last-paragraph-no-margin pofo-text-block-responsive-69f239e78d1a3\" style=\"width: 80%;\"><p><span style=\"color: #333333;\">par <strong><span style=\"color: #192841;\">Olivier Hermine<\/span><br \/>\n<\/strong>de l\u2019Acad\u00e9mie des Sciences, chef de service \u00e0 l\u2019H\u00f4pital Necker Enfants malades, directeur de recherche \u00e0 l\u2019Institut Imagine (maladies g\u00e9n\u00e9tiques rares) et entrepreneur<\/span><\/p>\n<p>Le 11 f\u00e9vrier 2019<br \/>\n\u00e0 La Vigne de Paris-Bagatelle (Paris 16\u00e8me)<\/p>\n<\/div><div class=\"panel-group accordion-style1\" id=\"accordion-5\" ><div class=\"panel text-left\">\n                                        <div class=\"panel-heading \">\n                                            <a data-toggle=\"collapse\" data-parent=\"#accordion-5\" href=\"#accordion-one-link-5\">\n                                                <div class=\"panel-title font-weight-500 text-extra-dark-gray\" style=\"color: #333333;\">\n                                                    Abstract<span class=\"pull-right\"><i class=\"ti-plus\"><\/i><\/span>\n                                                <\/div>\n                                            <\/a>\n                                        <\/div>\n                                        <div id=\"accordion-one-link-5\" class=\"panel-collapse collapse \">\n                                            <div class=\"panel-body \" style=\"color: #333333;\"><p>Membre de l\u2019Acad\u00e9mie des Sciences, Olivier Hermine est non seulement chef du service d\u2019h\u00e9matologie de l\u2019h\u00f4pital Necker mais aussi, plus \u00e9tonnant, entrepreneur \u00ab r\u00e9cidiviste \u00bb dans le domaine de la sant\u00e9. Il apporte ainsi \u00e0 son regard de chercheur des sciences du vivant une exp\u00e9rience pratique et significative de la conduite des organisations.<\/p>\n<\/div>\n                                        <\/div>\n                                    <\/div><\/div><\/div><\/div><\/div><\/div>[vc_separator el_width=\u00a0\u00bb80&Prime;]<\/div><\/div><\/div><\/section><div class=\"vc_row-full-width vc_clearfix\"><\/div><section data-vc-full-width=\"true\" data-vc-full-width-init=\"false\" class=\"vc_row wpb_row vc_row-fluid  vc_custom_1651656803568 wow bounceInLeft vc_row-has-fill pofo-stretch-content pofo-stretch-row-container pofo-row-responsive-69f239e78d23a\"><div class=\"wpb_column vc_column_container vc_col-sm-12 vc_col-md-offset-1 vc_col-md-10 col-xs-mobile-fullwidth\"><div class=\"vc_column-inner \"><div class=\"wpb_wrapper\"><div class=\"vc_row wpb_row vc_inner vc_row-fluid\"><div class=\"wpb_column vc_column_container vc_col-sm-3  col-xs-mobile-fullwidth pofo-column-responsive-69f239e78d2eb\"><div class=\"vc_column-inner \"><div class=\"wpb_wrapper\">[vc_single_image image=\u00a0\u00bb35704&Prime; alignment=\u00a0\u00bbcenter\u00a0\u00bb style=\u00a0\u00bbvc_box_rounded\u00a0\u00bb]<\/div><\/div><\/div><div class=\"wpb_column vc_column_container vc_col-sm-9  col-xs-mobile-fullwidth\"><div class=\"vc_column-inner \"><div class=\"wpb_wrapper\"><span class=\"text-extra-large margin-25px-bottom display-inline-block alt-font heading-style3  vc_custom_1651657641956  heading-7\"  style=\"font-size: 18px; line-height: 23px; font-weight: 600; color: #01af50;\" data-fontsize=\"18px\" data-lineheight=\"23px\">Usines du futur : plus comp\u00e9titives et moins complexes ? Etat des lieux et perspectives<\/span><div class=\"last-paragraph-no-margin pofo-text-block-responsive-69f239e78d378\" style=\"width: 80%;\"><p><span style=\"color: #333333;\">par <strong><span style=\"color: #192841;\">Fr\u00e9d\u00e9ric Sanchez<\/span><br \/>\n<\/strong>Pr\u00e9sident du directoire du Groupe d\u2019ing\u00e9nierie industrielle Fives<\/span><\/p>\n<p>Le 1er octobre 2018<br \/>\n\u00e0 La Vigne de Paris-Bagatelle (Paris 16\u00e8me)<\/p>\n<\/div><div class=\"panel-group accordion-style1\" id=\"accordion-6\" ><div class=\"panel text-left\">\n                                        <div class=\"panel-heading \">\n                                            <a data-toggle=\"collapse\" data-parent=\"#accordion-6\" href=\"#accordion-one-link-6\">\n                                                <div class=\"panel-title font-weight-500 text-extra-dark-gray\" style=\"color: #333333;\">\n                                                    Abstract<span class=\"pull-right\"><i class=\"ti-plus\"><\/i><\/span>\n                                                <\/div>\n                                            <\/a>\n                                        <\/div>\n                                        <div id=\"accordion-one-link-6\" class=\"panel-collapse collapse \">\n                                            <div class=\"panel-body \" style=\"color: #333333;\"><p>Pour r\u00e9pondre aux nouveaux enjeux de transformation de l\u2019usine et contribuer au d\u00e9veloppement de modes de production plus durables, de nombreuses technologies ont \u00e9merg\u00e9. Elles sont autant d\u2019opportunit\u00e9s pour les professionnels de r\u00e9inventer l\u2019usine et ouvrent la voie \u00e0 une industrie nouvelle. Parmi celles-ci, on retrouve les NTIC (capteurs embarqu\u00e9s, machines et produits connect\u00e9s, communication par internet, terminaux mobiles, virtualisation), les nouveaux mat\u00e9riaux (composites, nanomat\u00e9riaux), les nouvelles techniques de production (fabrication additive, moulage m\u00e9tallique), le \u00ab Combinatoire des process \u00bb (r\u00e9cup\u00e9ration, int\u00e9gration) ou encore l\u2019homme r\u00e9habilit\u00e9 dans l\u2019usine (cobotique, r\u00e9alit\u00e9 augment\u00e9e).<\/p>\n<\/div>\n                                        <\/div>\n                                    <\/div><\/div><\/div><\/div><\/div><\/div>[vc_separator el_width=\u00a0\u00bb80&Prime;]<\/div><\/div><\/div><\/section><div class=\"vc_row-full-width vc_clearfix\"><\/div><section data-vc-full-width=\"true\" data-vc-full-width-init=\"false\" class=\"vc_row wpb_row vc_row-fluid  vc_custom_1651656803568 wow bounceInLeft vc_row-has-fill pofo-stretch-content pofo-stretch-row-container pofo-row-responsive-69f239e78d412\"><div class=\"wpb_column vc_column_container vc_col-sm-12 vc_col-md-offset-1 vc_col-md-10 col-xs-mobile-fullwidth\"><div class=\"vc_column-inner \"><div class=\"wpb_wrapper\"><div class=\"vc_row wpb_row vc_inner vc_row-fluid\"><div class=\"wpb_column vc_column_container vc_col-sm-3  col-xs-mobile-fullwidth pofo-column-responsive-69f239e78d4be\"><div class=\"vc_column-inner \"><div class=\"wpb_wrapper\">[vc_single_image image=\u00a0\u00bb35705&Prime; alignment=\u00a0\u00bbcenter\u00a0\u00bb style=\u00a0\u00bbvc_box_rounded\u00a0\u00bb]<\/div><\/div><\/div><div class=\"wpb_column vc_column_container vc_col-sm-9  col-xs-mobile-fullwidth\"><div class=\"vc_column-inner \"><div class=\"wpb_wrapper\"><span class=\"text-extra-large margin-25px-bottom display-inline-block alt-font heading-style3  vc_custom_1651657497714  heading-8\"  style=\"font-size: 18px; line-height: 23px; font-weight: 600; color: #01af50;\" data-fontsize=\"18px\" data-lineheight=\"23px\">Complexit\u00e9 et transformation num\u00e9rique: usine 4.0 et gestion des ressources humaines<\/span><div class=\"last-paragraph-no-margin pofo-text-block-responsive-69f239e78d54a\" style=\"width: 80%;\"><p><span style=\"color: #333333;\">par<span style=\"color: #192841;\"><strong> Anne Leitzgen<\/strong><\/span><br \/>\nPr\u00e9sidente de Schmidt Groupe<\/span><\/p>\n<p>Le 28 mai 2018<br \/>\n\u00e0 La Vigne de Paris-Bagatelle (Paris 16\u00e8me)<\/p>\n<\/div><div class=\"panel-group accordion-style1\" id=\"accordion-7\" ><div class=\"panel text-left\">\n                                        <div class=\"panel-heading \">\n                                            <a data-toggle=\"collapse\" data-parent=\"#accordion-7\" href=\"#accordion-one-link-7\">\n                                                <div class=\"panel-title font-weight-500 text-extra-dark-gray\" style=\"color: #333333;\">\n                                                    Abstract<span class=\"pull-right\"><i class=\"ti-plus\"><\/i><\/span>\n                                                <\/div>\n                                            <\/a>\n                                        <\/div>\n                                        <div id=\"accordion-one-link-7\" class=\"panel-collapse collapse \">\n                                            <div class=\"panel-body \" style=\"color: #333333;\"><p>Pr\u00e9sent\u00e9e comme la 4\u00e8me r\u00e9volution industrielle, l\u2019usine 4.0 se caract\u00e9rise par l\u2019int\u00e9gration des technologies num\u00e9riques dans les processus de fabrication. Mais cette r\u00e9volution n\u2019est pas qu\u2019une affaire de programmes informatiques : elle implique \u00e9galement une adaptation de la structure de l\u2019entreprise qui la subit. Anne Leitzgen \u00e9changera avec la vingtaine de dirigeants pr\u00e9sents sur le tournant num\u00e9rique pris par Schmidt Groupe ces derni\u00e8res ann\u00e9es et sur son impact au niveau des ressources humaines (anticipation, formation, mobilit\u00e9\u2026). Elle partagera \u00e9galement autour des principes du Lean Management, une m\u00e9thode incontournable pour former les \u00e9quipes \u00e0 de nouveaux m\u00e9tiers et les faire collaborer intelligemment avec les machines.<\/p>\n<\/div>\n                                        <\/div>\n                                    <\/div><\/div><\/div><\/div><\/div><\/div>[vc_separator el_width=\u00a0\u00bb80&Prime;]<\/div><\/div><\/div><\/section><div class=\"vc_row-full-width vc_clearfix\"><\/div><section data-vc-full-width=\"true\" data-vc-full-width-init=\"false\" class=\"vc_row wpb_row vc_row-fluid  vc_custom_1651656803568 wow bounceInLeft vc_row-has-fill pofo-stretch-content pofo-stretch-row-container pofo-row-responsive-69f239e78d5f1\"><div class=\"wpb_column vc_column_container vc_col-sm-12 vc_col-md-offset-1 vc_col-md-10 col-xs-mobile-fullwidth\"><div class=\"vc_column-inner \"><div class=\"wpb_wrapper\"><div class=\"vc_row wpb_row vc_inner vc_row-fluid\"><div class=\"wpb_column vc_column_container vc_col-sm-3  col-xs-mobile-fullwidth pofo-column-responsive-69f239e78d6a2\"><div class=\"vc_column-inner \"><div class=\"wpb_wrapper\">[vc_single_image image=\u00a0\u00bb35706&Prime; alignment=\u00a0\u00bbcenter\u00a0\u00bb style=\u00a0\u00bbvc_box_rounded\u00a0\u00bb]<\/div><\/div><\/div><div class=\"wpb_column vc_column_container vc_col-sm-9  col-xs-mobile-fullwidth\"><div class=\"vc_column-inner \"><div class=\"wpb_wrapper\"><span class=\"text-extra-large margin-25px-bottom display-inline-block alt-font heading-style3  vc_custom_1651657296298  heading-9\"  style=\"font-size: 18px; line-height: 23px; font-weight: 600; color: #01af50;\" data-fontsize=\"18px\" data-lineheight=\"23px\">D\u00e9cider en situation complexe: du pilotage d\u2019un rafale au commandement du Charles de Gaulle<\/span><div class=\"last-paragraph-no-margin pofo-text-block-responsive-69f239e78d72f\" style=\"width: 80%;\"><p><span style=\"color: #333333;\">par le Contre-amiral <strong><span style=\"color: #192841;\">Pierre Vandier<\/span><br \/>\n<\/strong><\/span><span style=\"color: #333333;\">Adjoint au Commandant de l\u2019Arrondissement Maritime de la M\u00e9diterran\u00e9e et commandant de la Base de D\u00e9fense de Toulon<\/span><\/p>\n<p>Le 5 f\u00e9vrier 2018<br \/>\n\u00e0 La Vigne de Paris-Bagatelle (Paris 16\u00e8me)<\/p>\n<\/div><div class=\"panel-group accordion-style1\" id=\"accordion-8\" ><div class=\"panel text-left\">\n                                        <div class=\"panel-heading \">\n                                            <a data-toggle=\"collapse\" data-parent=\"#accordion-8\" href=\"#accordion-one-link-8\">\n                                                <div class=\"panel-title font-weight-500 text-extra-dark-gray\" style=\"color: #333333;\">\n                                                    Abstract<span class=\"pull-right\"><i class=\"ti-plus\"><\/i><\/span>\n                                                <\/div>\n                                            <\/a>\n                                        <\/div>\n                                        <div id=\"accordion-one-link-8\" class=\"panel-collapse collapse \">\n                                            <div class=\"panel-body \" style=\"color: #333333;\"><p>Le contre-amiral Pierre Vandier a echang\u00e9 avec la vingtaine de dirigeants pr\u00e9sents sur son exp\u00e9rience en tant qu\u2019ancien Pacha du porte-avions Charles de Gaulle et pilote de Rafale habitu\u00e9 aux terrains d\u2019Op\u00e9rations les plus expos\u00e9s partout dans le monde. Son t\u00e9moignage a mis en avant le management des situations de crise, les notions d\u2019engagement et de responsabilit\u00e9 au sein d\u2019une \u00e9quipe ou d\u2019une entreprise, la n\u00e9cessaire fonction d\u2019arbitrage du dirigeant d\u2019entreprise comme du chef militaire et du maniement de sa composante la plus essentielle : l\u2019humain.<\/p>\n<\/div>\n                                        <\/div>\n                                    <\/div><\/div><\/div><\/div><\/div><\/div>[vc_separator el_width=\u00a0\u00bb80&Prime;]<\/div><\/div><\/div><\/section><div class=\"vc_row-full-width vc_clearfix\"><\/div><section data-vc-full-width=\"true\" data-vc-full-width-init=\"false\" class=\"vc_row wpb_row vc_row-fluid  vc_custom_1651656803568 wow bounceInLeft vc_row-has-fill pofo-stretch-content pofo-stretch-row-container pofo-row-responsive-69f239e78d7c7\"><div class=\"wpb_column vc_column_container vc_col-sm-12 vc_col-md-offset-1 vc_col-md-10 col-xs-mobile-fullwidth\"><div class=\"vc_column-inner \"><div class=\"wpb_wrapper\"><div class=\"vc_row wpb_row vc_inner vc_row-fluid\"><div class=\"wpb_column vc_column_container vc_col-sm-3  col-xs-mobile-fullwidth pofo-column-responsive-69f239e78d874\"><div class=\"vc_column-inner \"><div class=\"wpb_wrapper\">[vc_single_image image=\u00a0\u00bb35707&Prime; alignment=\u00a0\u00bbcenter\u00a0\u00bb style=\u00a0\u00bbvc_box_rounded\u00a0\u00bb]<\/div><\/div><\/div><div class=\"wpb_column vc_column_container vc_col-sm-9  col-xs-mobile-fullwidth\"><div class=\"vc_column-inner \"><div class=\"wpb_wrapper\"><span class=\"text-extra-large margin-25px-bottom display-inline-block alt-font heading-style3  vc_custom_1651656886072  heading-10\"  style=\"font-size: 18px; line-height: 23px; font-weight: 600; color: #01af50;\" data-fontsize=\"18px\" data-lineheight=\"23px\">Simplexit\u00e9 et vicariance ou comment s\u2019inspirer du vivant pour faire face \u00e0 la complexit\u00e9 des organisations<\/span><div class=\"last-paragraph-no-margin pofo-text-block-responsive-69f239e78d900\" style=\"width: 80%;\"><p><span style=\"color: #333333;\">par<span style=\"color: #192841;\"><strong> Alain Berthoz<\/strong><\/span><br \/>\nIng\u00e9nieur et neurophysiologiste fran\u00e7ais, membre de l\u2019Acad\u00e9mie des sciences, de l\u2019Acad\u00e9mie des technologies et professeur honoraire au Coll\u00e8ge de France<\/span><\/p>\n<p>Le 24 avril 2017<br \/>\n\u00e0 La Vigne de Paris-Bagatelle (Paris 16\u00e8me)<\/p>\n<\/div><div class=\"panel-group accordion-style1\" id=\"accordion-9\" ><div class=\"panel text-left\">\n                                        <div class=\"panel-heading \">\n                                            <a data-toggle=\"collapse\" data-parent=\"#accordion-9\" href=\"#accordion-one-link-9\">\n                                                <div class=\"panel-title font-weight-500 text-extra-dark-gray\" style=\"color: #333333;\">\n                                                    Abstract<span class=\"pull-right\"><i class=\"ti-plus\"><\/i><\/span>\n                                                <\/div>\n                                            <\/a>\n                                        <\/div>\n                                        <div id=\"accordion-one-link-9\" class=\"panel-collapse collapse \">\n                                            <div class=\"panel-body \" style=\"color: #333333;\"><p>La simplexit\u00e9, selon Alain Berthoz, est \u00ab l\u2019ensemble des solutions trouv\u00e9es par les organismes vivants pour que, malgr\u00e9 la complexit\u00e9 des processus naturels, le cerveau puisse pr\u00e9parer l\u2019acte et en projeter les cons\u00e9quences. Ces solutions sont des principes simplificateurs qui permettent de traiter des informations ou des situations, en tenant compte de l\u2019exp\u00e9rience pass\u00e9e et en anticipant l\u2019avenir. Ce sont de nouvelles fa\u00e7ons de poser les probl\u00e8mes pour arriver \u00e0 des actions plus rapides [\u2026] plus efficaces \u00bb. Faire simple n\u2019est jamais facile: simplexit\u00e9 et vicariance pour Alain Berthoz nous y aide puissamment.\"<\/p>\n<\/div>\n                                        <\/div>\n                                    <\/div><\/div><\/div><\/div><\/div><\/div>[vc_separator el_width=\u00a0\u00bb80&Prime;]<\/div><\/div><\/div><\/section><div class=\"vc_row-full-width vc_clearfix\"><\/div><section data-vc-full-width=\"true\" data-vc-full-width-init=\"false\" class=\"vc_row wpb_row vc_row-fluid  vc_custom_1651656803568 wow bounceInLeft vc_row-has-fill pofo-stretch-content pofo-stretch-row-container pofo-row-responsive-69f239e78d9b5\"><div class=\"wpb_column vc_column_container vc_col-sm-12 vc_col-md-offset-1 vc_col-md-10 col-xs-mobile-fullwidth\"><div class=\"vc_column-inner \"><div class=\"wpb_wrapper\"><div class=\"vc_row wpb_row vc_inner vc_row-fluid\"><div class=\"wpb_column vc_column_container vc_col-sm-3  col-xs-mobile-fullwidth pofo-column-responsive-69f239e78da5f\"><div class=\"vc_column-inner \"><div class=\"wpb_wrapper\">[vc_single_image image=\u00a0\u00bb35708&Prime; alignment=\u00a0\u00bbcenter\u00a0\u00bb style=\u00a0\u00bbvc_box_rounded\u00a0\u00bb]<\/div><\/div><\/div><div class=\"wpb_column vc_column_container vc_col-sm-9  col-xs-mobile-fullwidth\"><div class=\"vc_column-inner \"><div class=\"wpb_wrapper\"><span class=\"text-extra-large margin-25px-bottom display-inline-block alt-font heading-style3  vc_custom_1651656577070  heading-11\"  style=\"font-size: 18px; line-height: 23px; font-weight: 600; color: #01af50;\" data-fontsize=\"18px\" data-lineheight=\"23px\">Seul maitre \u00e0 bord face \u00e0 la complexit\u00e9 : quelles comp\u00e9tences pour le d\u00e9cideur ? Le cas des sous-marins nucl\u00e9aires lanceurs d\u2019engins<\/span><div class=\"last-paragraph-no-margin pofo-text-block-responsive-69f239e78daed\" style=\"width: 80%;\"><p><span style=\"color: #333333;\">par <strong><span style=\"color: #192841;\">Fabrice d\u2019Ornano<\/span><br \/>\n<\/strong>Commandant et entraineur des \u00e9quipages des Sous-Marins Nucl\u00e9aires Lanceur d\u2019Engins (SNLE)<\/span><\/p>\n<p>Le 30 janvier 2017<br \/>\n\u00e0 La Vigne de Paris-Bagatelle (Paris 16\u00e8me)<\/p>\n<\/div><div class=\"panel-group accordion-style1\" id=\"accordion-10\" ><div class=\"panel text-left\">\n                                        <div class=\"panel-heading \">\n                                            <a data-toggle=\"collapse\" data-parent=\"#accordion-10\" href=\"#accordion-one-link-10\">\n                                                <div class=\"panel-title font-weight-500 text-extra-dark-gray\" style=\"color: #333333;\">\n                                                    Abstract<span class=\"pull-right\"><i class=\"ti-plus\"><\/i><\/span>\n                                                <\/div>\n                                            <\/a>\n                                        <\/div>\n                                        <div id=\"accordion-one-link-10\" class=\"panel-collapse collapse \">\n                                            <div class=\"panel-body \" style=\"color: #333333;\"><p>Le Capitaine de Vaisseau Fabrice d\u2019Ornano a \u00e9chang\u00e9 avec les dirigeants sur son exp\u00e9rience en tant qu\u2019ancien Commandant de l\u2019Escadrille des Sous-marins Nucl\u00e9aires Lanceur d\u2019Engins (ESNLE) et ancien Entra\u00eeneur des \u00e9quipages de la Force Oc\u00e9anique Strat\u00e9gique. Son t\u00e9moignage a mis en avant les comp\u00e9tences et qualit\u00e9s n\u00e9cessaires \u00e0 un d\u00e9cideur pour \u00e9voluer dans un environnement complexe, tout particuli\u00e8rement dans les situations \u00e0 fort enjeu.<\/p>\n<\/div>\n                                        <\/div>\n                                    <\/div><\/div><\/div><\/div><\/div><\/div>[vc_separator el_width=\u00a0\u00bb80&Prime;]<\/div><\/div><\/div><\/section><div class=\"vc_row-full-width vc_clearfix\"><\/div><section data-vc-full-width=\"true\" data-vc-full-width-init=\"false\" class=\"vc_row wpb_row vc_row-fluid  vc_custom_1651657241701 wow bounceInLeft vc_row-has-fill pofo-stretch-content pofo-stretch-row-container pofo-row-responsive-69f239e78db82\"><div class=\"wpb_column vc_column_container vc_col-sm-12 vc_col-md-offset-1 vc_col-md-10 col-xs-mobile-fullwidth\"><div class=\"vc_column-inner \"><div class=\"wpb_wrapper\"><div class=\"vc_row wpb_row vc_inner vc_row-fluid\"><div class=\"wpb_column vc_column_container vc_col-sm-3  col-xs-mobile-fullwidth pofo-column-responsive-69f239e78dc31\"><div class=\"vc_column-inner \"><div class=\"wpb_wrapper\">[vc_single_image image=\u00a0\u00bb35709&Prime; alignment=\u00a0\u00bbcenter\u00a0\u00bb style=\u00a0\u00bbvc_box_rounded\u00a0\u00bb]<\/div><\/div><\/div><div class=\"wpb_column vc_column_container vc_col-sm-9  col-xs-mobile-fullwidth\"><div class=\"vc_column-inner \"><div class=\"wpb_wrapper\"><span class=\"text-extra-large margin-25px-bottom display-inline-block alt-font heading-style3  vc_custom_1651654892796  heading-12\"  style=\"font-size: 18px; line-height: 23px; font-weight: 600; color: #01af50;\" data-fontsize=\"18px\" data-lineheight=\"23px\">R\u00e9sister Au Choc Du Num\u00e9rique : G7 Face \u00c0 Uber<\/span><div class=\"last-paragraph-no-margin pofo-text-block-responsive-69f239e78dcbd\" style=\"width: 80%;\"><p><span style=\"color: #333333;\">par<span style=\"color: #192841;\"><strong> Nicolas Rousselet<\/strong><\/span><\/span><br \/>\n<span style=\"color: #333333;\">PDG de G7, Groupe Rousselet<\/span><\/p>\n<p><span style=\"color: #333333;\">Le 10 octobre 2016<\/span><br \/>\n<span style=\"color: #333333;\">au Coll\u00e8ge des Bernadins (Paris 5\u00e8m<\/span>e)<\/p>\n<\/div><div class=\"panel-group accordion-style1\" id=\"accordion-11\" ><div class=\"panel text-left\">\n                                        <div class=\"panel-heading \">\n                                            <a data-toggle=\"collapse\" data-parent=\"#accordion-11\" href=\"#accordion-one-link-11\">\n                                                <div class=\"panel-title font-weight-500 text-extra-dark-gray\" style=\"color: #333333;\">\n                                                    Abstract<span class=\"pull-right\"><i class=\"ti-plus\"><\/i><\/span>\n                                                <\/div>\n                                            <\/a>\n                                        <\/div>\n                                        <div id=\"accordion-one-link-11\" class=\"panel-collapse collapse \">\n                                            <div class=\"panel-body \" style=\"color: #333333;\"><p>Nicolas Rousselet a \u00e9chang\u00e9 avec les dirigeants pr\u00e9sents sur son exp\u00e9rience et la strat\u00e9gie mise en \u0153uvre par son groupe pour r\u00e9pondre \u00e0 l\u2019arriv\u00e9e de nouveaux concurrents num\u00e9riques. A l\u2019heure o\u00f9 \u00ab l\u2019\u00fcberisation \u00bb de la soci\u00e9t\u00e9 cristallise espoirs et fantasmes, il \u00e0 notamment parl\u00e9 de la transformation d\u2019entreprise qu\u2019il a men\u00e9e avec la cr\u00e9ation d\u2019eCab et WeCab. Il aussi \u00e9voqu\u00e9 la n\u00e9cessit\u00e9 de prendre du recul sur les mutations technologiques actuelles afin d\u2019en tirer le meilleur parti pour chacun et pour tous.<\/p>\n<\/div>\n                                        <\/div>\n                                    <\/div><\/div><\/div><\/div><\/div><\/div>[vc_separator el_width=\u00a0\u00bb80&Prime;]<\/div><\/div><\/div><\/section><div class=\"vc_row-full-width vc_clearfix\"><\/div>\n<\/div>","protected":false},"excerpt":{"rendered":"Suite \u00e0 de nombreuses demandes de dirigeants et au vif int\u00e9r\u00eat suscit\u00e9 par les r\u00e9sultats de l\u2019\u00e9tude sur la complexit\u00e9 au sein des entreprises, CESAMES a lanc\u00e9 le Club Comp\u00e9titivit\u00e9 &amp; Complexit\u00e9. Ce cercle, exclusivement r\u00e9serv\u00e9 aux dirigeants, permet de p\u00e9renniser la dynamique initi\u00e9e par notre \u00e9tude et de r\u00e9pondre \u00e0 toutes\u00a0les questions. CESAMES organise 1 \u00e0 2 par an le Club Dirigeants, en petit comit\u00e9 et dans un lieu haut de gamme, autour d'un invit\u00e9 de marque (\u00e9conomiste, leader industriel, philosophe...). Le format de nos \u00e9v\u00e9nements permet les \u00e9changes et les d\u00e9bats entre les dirigeants. Chaque soir\u00e9e se termine par un cocktail. La participation se fait sur invitation personnelle. Pour toute question, contactez Christophe Tilmont (christophe.tilmont@cesames.net) [vc_images_carousel images=\"35697,35696,35695,35692,35694,35693\" img_size=\"large\" onclick=\"link_no\" slides_per_view=\"3\" autoplay=\"yes\" wrap=\"yes\"]11\u00c9ditionsVoir les pr\u00e9c\u00e9dentes \u00e9ditionsL\u2019\u00c9TUDE NATIONALE ECOLE POLYTECHNIQUE, HEC &amp; CESAMES L\u2019Ecole Polytechnique, HEC et CESAMES ont r\u00e9alis\u00e9 une \u00e9tude sur la complexit\u00e9 dans les entreprises. Convaincus que la comp\u00e9titivit\u00e9 des organisations est \u00e9troitement li\u00e9e \u00e0 leur capacit\u00e9 \u00e0 mieux ma\u00eetriser la complexit\u00e9, ils ont interrog\u00e9 une cinquantaine de dirigeants de grandes entreprises fran\u00e7aises dans l\u2019industrie et les services. L\u2019analyse de ces entretiens constitue la mati\u00e8re d\u2019un livre blanc \u00ab Ma\u00eetriser la complexit\u00e9 pour d\u00e9velopper sa comp\u00e9titivit\u00e9 \u00bb,...","protected":false},"author":1,"featured_media":0,"parent":0,"menu_order":0,"comment_status":"closed","ping_status":"closed","template":"","meta":{"footnotes":""},"yoast_head":"<!-- This site is optimized with the Yoast SEO plugin v24.2 - https:\/\/yoast.com\/wordpress\/plugins\/seo\/ -->\n<title>Le Club Dirigeants - Cesam Community<\/title>\n<meta name=\"description\" content=\"Le Club Dirigeants c&#039;est une soir\u00e9e r\u00e9serv\u00e9e aux dirigeants, en petit comit\u00e9 et dans un lieu haut de gamme, autour d\u2019un invit\u00e9 de marque...\" \/>\n<meta name=\"robots\" content=\"index, follow, max-snippet:-1, max-image-preview:large, max-video-preview:-1\" \/>\n<link rel=\"canonical\" href=\"https:\/\/cesam.community\/fr\/le-club-dirigeants\/\" \/>\n<meta property=\"og:locale\" content=\"fr_FR\" \/>\n<meta property=\"og:type\" content=\"article\" \/>\n<meta property=\"og:title\" content=\"Le Club Dirigeants - Cesam Community\" \/>\n<meta property=\"og:description\" content=\"Le Club Dirigeants c&#039;est une soir\u00e9e r\u00e9serv\u00e9e aux dirigeants, en petit comit\u00e9 et dans un lieu haut de gamme, autour d\u2019un invit\u00e9 de marque...\" \/>\n<meta property=\"og:url\" content=\"https:\/\/cesam.community\/fr\/le-club-dirigeants\/\" \/>\n<meta property=\"og:site_name\" content=\"Cesam Community\" \/>\n<meta property=\"article:modified_time\" content=\"2024-03-05T15:28:22+00:00\" \/>\n<meta name=\"twitter:card\" content=\"summary_large_image\" \/>\n<meta name=\"twitter:site\" content=\"@cesamcommunity\" \/>\n<meta name=\"twitter:label1\" content=\"Dur\u00e9e de lecture estim\u00e9e\" \/>\n\t<meta name=\"twitter:data1\" content=\"10 minutes\" \/>\n<script type=\"application\/ld+json\" class=\"yoast-schema-graph\">{\"@context\":\"https:\/\/schema.org\",\"@graph\":[{\"@type\":\"WebPage\",\"@id\":\"https:\/\/cesam.community\/fr\/le-club-dirigeants\/\",\"url\":\"https:\/\/cesam.community\/fr\/le-club-dirigeants\/\",\"name\":\"Le Club Dirigeants - Cesam Community\",\"isPartOf\":{\"@id\":\"https:\/\/cesam.community\/fr\/#website\"},\"datePublished\":\"2023-10-05T10:44:14+00:00\",\"dateModified\":\"2024-03-05T15:28:22+00:00\",\"description\":\"Le Club Dirigeants c'est une soir\u00e9e r\u00e9serv\u00e9e aux dirigeants, en petit comit\u00e9 et dans un lieu haut de gamme, autour d\u2019un invit\u00e9 de marque...\",\"breadcrumb\":{\"@id\":\"https:\/\/cesam.community\/fr\/le-club-dirigeants\/#breadcrumb\"},\"inLanguage\":\"fr-FR\",\"potentialAction\":[{\"@type\":\"ReadAction\",\"target\":[\"https:\/\/cesam.community\/fr\/le-club-dirigeants\/\"]}]},{\"@type\":\"BreadcrumbList\",\"@id\":\"https:\/\/cesam.community\/fr\/le-club-dirigeants\/#breadcrumb\",\"itemListElement\":[{\"@type\":\"ListItem\",\"position\":1,\"name\":\"Accueil\",\"item\":\"https:\/\/cesam.community\/fr\/\"},{\"@type\":\"ListItem\",\"position\":2,\"name\":\"Le Club Dirigeants\"}]},{\"@type\":\"WebSite\",\"@id\":\"https:\/\/cesam.community\/fr\/#website\",\"url\":\"https:\/\/cesam.community\/fr\/\",\"name\":\"Cesam Community\",\"description\":\"La communaut\u00e9 CESAM\",\"publisher\":{\"@id\":\"https:\/\/cesam.community\/fr\/#organization\"},\"potentialAction\":[{\"@type\":\"SearchAction\",\"target\":{\"@type\":\"EntryPoint\",\"urlTemplate\":\"https:\/\/cesam.community\/fr\/?s={search_term_string}\"},\"query-input\":{\"@type\":\"PropertyValueSpecification\",\"valueRequired\":true,\"valueName\":\"search_term_string\"}}],\"inLanguage\":\"fr-FR\"},{\"@type\":\"Organization\",\"@id\":\"https:\/\/cesam.community\/fr\/#organization\",\"name\":\"CESAM Community\",\"url\":\"https:\/\/cesam.community\/fr\/\",\"logo\":{\"@type\":\"ImageObject\",\"inLanguage\":\"fr-FR\",\"@id\":\"https:\/\/cesam.community\/fr\/#\/schema\/logo\/image\/\",\"url\":\"https:\/\/cesam.community\/wp-content\/uploads\/2021\/04\/cesam_community_logo_v4.png\",\"contentUrl\":\"https:\/\/cesam.community\/wp-content\/uploads\/2021\/04\/cesam_community_logo_v4.png\",\"width\":7310,\"height\":1018,\"caption\":\"CESAM Community\"},\"image\":{\"@id\":\"https:\/\/cesam.community\/fr\/#\/schema\/logo\/image\/\"},\"sameAs\":[\"https:\/\/x.com\/cesamcommunity\",\"https:\/\/www.linkedin.com\/company\/community-cesam\/about\/\"]}]}<\/script>\n<!-- \/ Yoast SEO plugin. -->","yoast_head_json":{"title":"Le Club Dirigeants - Cesam Community","description":"Le Club Dirigeants c'est une soir\u00e9e r\u00e9serv\u00e9e aux dirigeants, en petit comit\u00e9 et dans un lieu haut de gamme, autour d\u2019un invit\u00e9 de marque...","robots":{"index":"index","follow":"follow","max-snippet":"max-snippet:-1","max-image-preview":"max-image-preview:large","max-video-preview":"max-video-preview:-1"},"canonical":"https:\/\/cesam.community\/fr\/le-club-dirigeants\/","og_locale":"fr_FR","og_type":"article","og_title":"Le Club Dirigeants - Cesam Community","og_description":"Le Club Dirigeants c'est une soir\u00e9e r\u00e9serv\u00e9e aux dirigeants, en petit comit\u00e9 et dans un lieu haut de gamme, autour d\u2019un invit\u00e9 de marque...","og_url":"https:\/\/cesam.community\/fr\/le-club-dirigeants\/","og_site_name":"Cesam Community","article_modified_time":"2024-03-05T15:28:22+00:00","twitter_card":"summary_large_image","twitter_site":"@cesamcommunity","twitter_misc":{"Dur\u00e9e de lecture estim\u00e9e":"10 minutes"},"schema":{"@context":"https:\/\/schema.org","@graph":[{"@type":"WebPage","@id":"https:\/\/cesam.community\/fr\/le-club-dirigeants\/","url":"https:\/\/cesam.community\/fr\/le-club-dirigeants\/","name":"Le Club Dirigeants - Cesam Community","isPartOf":{"@id":"https:\/\/cesam.community\/fr\/#website"},"datePublished":"2023-10-05T10:44:14+00:00","dateModified":"2024-03-05T15:28:22+00:00","description":"Le Club Dirigeants c'est une soir\u00e9e r\u00e9serv\u00e9e aux dirigeants, en petit comit\u00e9 et dans un lieu haut de gamme, autour d\u2019un invit\u00e9 de marque...","breadcrumb":{"@id":"https:\/\/cesam.community\/fr\/le-club-dirigeants\/#breadcrumb"},"inLanguage":"fr-FR","potentialAction":[{"@type":"ReadAction","target":["https:\/\/cesam.community\/fr\/le-club-dirigeants\/"]}]},{"@type":"BreadcrumbList","@id":"https:\/\/cesam.community\/fr\/le-club-dirigeants\/#breadcrumb","itemListElement":[{"@type":"ListItem","position":1,"name":"Accueil","item":"https:\/\/cesam.community\/fr\/"},{"@type":"ListItem","position":2,"name":"Le Club Dirigeants"}]},{"@type":"WebSite","@id":"https:\/\/cesam.community\/fr\/#website","url":"https:\/\/cesam.community\/fr\/","name":"Cesam Community","description":"La communaut\u00e9 CESAM","publisher":{"@id":"https:\/\/cesam.community\/fr\/#organization"},"potentialAction":[{"@type":"SearchAction","target":{"@type":"EntryPoint","urlTemplate":"https:\/\/cesam.community\/fr\/?s={search_term_string}"},"query-input":{"@type":"PropertyValueSpecification","valueRequired":true,"valueName":"search_term_string"}}],"inLanguage":"fr-FR"},{"@type":"Organization","@id":"https:\/\/cesam.community\/fr\/#organization","name":"CESAM Community","url":"https:\/\/cesam.community\/fr\/","logo":{"@type":"ImageObject","inLanguage":"fr-FR","@id":"https:\/\/cesam.community\/fr\/#\/schema\/logo\/image\/","url":"https:\/\/cesam.community\/wp-content\/uploads\/2021\/04\/cesam_community_logo_v4.png","contentUrl":"https:\/\/cesam.community\/wp-content\/uploads\/2021\/04\/cesam_community_logo_v4.png","width":7310,"height":1018,"caption":"CESAM Community"},"image":{"@id":"https:\/\/cesam.community\/fr\/#\/schema\/logo\/image\/"},"sameAs":["https:\/\/x.com\/cesamcommunity","https:\/\/www.linkedin.com\/company\/community-cesam\/about\/"]}]}},"_links":{"self":[{"href":"https:\/\/cesam.community\/fr\/wp-json\/wp\/v2\/pages\/23325"}],"collection":[{"href":"https:\/\/cesam.community\/fr\/wp-json\/wp\/v2\/pages"}],"about":[{"href":"https:\/\/cesam.community\/fr\/wp-json\/wp\/v2\/types\/page"}],"author":[{"embeddable":true,"href":"https:\/\/cesam.community\/fr\/wp-json\/wp\/v2\/users\/1"}],"replies":[{"embeddable":true,"href":"https:\/\/cesam.community\/fr\/wp-json\/wp\/v2\/comments?post=23325"}],"version-history":[{"count":7,"href":"https:\/\/cesam.community\/fr\/wp-json\/wp\/v2\/pages\/23325\/revisions"}],"predecessor-version":[{"id":36320,"href":"https:\/\/cesam.community\/fr\/wp-json\/wp\/v2\/pages\/23325\/revisions\/36320"}],"wp:attachment":[{"href":"https:\/\/cesam.community\/fr\/wp-json\/wp\/v2\/media?parent=23325"}],"curies":[{"name":"wp","href":"https:\/\/api.w.org\/{rel}","templated":true}]}}